{"id":53,"date":"2024-03-22T14:36:20","date_gmt":"2024-03-22T13:36:20","guid":{"rendered":"https:\/\/yoganidra-limoges.cloud\/?page_id=53"},"modified":"2025-07-29T17:28:33","modified_gmt":"2025-07-29T15:28:33","slug":"ou-quand-comment","status":"publish","type":"page","link":"https:\/\/yoganidra-limoges.cloud\/index.php\/ou-quand-comment\/","title":{"rendered":"O\u00f9 Quand Comment"},"content":{"rendered":"<div class=\"wp-block-image\">\n<figure class=\"aligncenter size-full is-resized\"><img loading=\"lazy\" decoding=\"async\" width=\"1024\" height=\"769\" src=\"https:\/\/yoganidra-limoges.cloud\/wp-content\/uploads\/2024\/03\/p1180997-1024x769-1.jpg\" alt=\"\" class=\"wp-image-47\" style=\"width:331px;height:auto\" srcset=\"https:\/\/yoganidra-limoges.cloud\/wp-content\/uploads\/2024\/03\/p1180997-1024x769-1.jpg 1024w, https:\/\/yoganidra-limoges.cloud\/wp-content\/uploads\/2024\/03\/p1180997-1024x769-1-300x225.jpg 300w, https:\/\/yoganidra-limoges.cloud\/wp-content\/uploads\/2024\/03\/p1180997-1024x769-1-768x577.jpg 768w\" sizes=\"(max-width: 1024px) 100vw, 1024px\" \/><\/figure><\/div>\n\n\n<p><\/p>\n\n\n\n<p><strong>Les sessions de pratique du yoga nidra ont lieu chaque <\/strong><mark style=\"background-color:rgba(0, 0, 0, 0)\" class=\"has-inline-color has-kubio-color-6-color\"><strong>mercredi au Centre Bouddhiste de Dechen Ch\u00f6ling \u00e0 St Yrieix sous Aixe, \u00e0 18 heures.<\/strong><\/mark> <strong>Une autre session a lieu \u00e0 19 heures en cours d&#8217;ann\u00e9e(pr\u00e9venir avant), pas en \u00e9t\u00e9. <\/strong><\/p>\n\n\n\n<p><strong>Le centre \u00e9tant ouvert toute l&#8217;ann\u00e9e, le yoga nidra ne s&#8217;arr\u00eate pas pendant les vacances, petites et grandes, \u00e0 part certaines dates ponctuelles.<\/strong><br><strong>Dur\u00e9e : environ 45 minutes, arriver un peu avant le d\u00e9bu<mark style=\"background-color:rgba(0, 0, 0, 0)\" class=\"has-inline-color has-kubio-color-6-color\">t, surtout la premi\u00e8re fois.<\/mark><\/strong><br><strong>Tarif<\/strong> : Premi\u00e8re fois gratuite. Ensuite c&#8217;est selon vos possibilit\u00e9s et l&#8217;int\u00e9r\u00eat (ou le plaisir) que vous y avez trouv\u00e9 ! (Indicatif 5 Euros)<\/p>\n\n\n\n<p><strong>Rendez-vous au centre bouddhiste \u00ab&nbsp;Dechen Ch\u00f6ling&nbsp;\u00bb de St Yrieix sous Aixe, dans un lieu calme et arbor\u00e9, salle de m\u00e9ditation du ch\u00e2teau.<\/strong><br><em>NB : Cette pratique est la\u00efque et sans inscription, vous venez quand vous en avez envie, mais \u00e0 l&#8217;heure.<\/em><\/p>\n\n\n\n<p><strong>C\u2019est \u00e0 une vingtaine de minutes de Limoges en voiture, voir le plan, ou taper \u00ab&nbsp;Dechen Choling&nbsp;\u00bb sur son GPS<\/strong><\/p>\n\n\n\n<figure class=\"wp-block-image size-large\"><img loading=\"lazy\" decoding=\"async\" width=\"1024\" height=\"288\" src=\"https:\/\/yoganidra-limoges.cloud\/wp-content\/uploads\/2024\/03\/Plan-DCL-1024x288.jpg\" alt=\"\" class=\"wp-image-48\" srcset=\"https:\/\/yoganidra-limoges.cloud\/wp-content\/uploads\/2024\/03\/Plan-DCL-1024x288.jpg 1024w, https:\/\/yoganidra-limoges.cloud\/wp-content\/uploads\/2024\/03\/Plan-DCL-300x84.jpg 300w, https:\/\/yoganidra-limoges.cloud\/wp-content\/uploads\/2024\/03\/Plan-DCL-768x216.jpg 768w, https:\/\/yoganidra-limoges.cloud\/wp-content\/uploads\/2024\/03\/Plan-DCL.jpg 1314w\" sizes=\"(max-width: 1024px) 100vw, 1024px\" \/><\/figure>\n\n\n\n<p><strong>Le yoga nidra se pratiquant de pr\u00e9f\u00e9rence allong\u00e9, vous aurez besoin d\u2019un tapis de yoga (on peut aussi vous en pr\u00eater un) et de quoi vous couvrir (ou pas), selon la temp\u00e9rature ambiante<\/strong>.<br>Eventuellement d\u2019un coussin pour votre t\u00eate et d\u2019un masque pour vos yeux.<strong><mark style=\"background-color:rgba(var(--kubio-color-6), 1)\" class=\"has-inline-color has-kubio-color-5-color\"> <\/mark><\/strong><br><strong><mark style=\"background-color:rgba(var(--kubio-color-6), 1)\" class=\"has-inline-color has-kubio-color-5-color\">Le nombre \u00e9tant limit\u00e9 \u00e0 20 personnes, il est prudent de se faire conna\u00eetre<\/mark> directement sur le site de <a href=\"https:\/\/www.dechencholing.org\/fr\/yoga-nidra\/\">Dechen Ch\u00f6ling<\/a><\/strong><\/p>\n\n\n\n<p>Pour toute question, contactez directement <a href=\"mailto:nidralimoges@gmail.com\">nidralimoges@gmail.com<\/a>, ou bien remplissez et envoyez ce formulaire. <noscript class=\"ninja-forms-noscript-message\">\n\tNotice: JavaScript is required for this content.<\/noscript>\n<div id=\"nf-form-4-cont\" class=\"nf-form-cont\" aria-live=\"polite\" aria-labelledby=\"nf-form-title-4\" aria-describedby=\"nf-form-errors-4\" role=\"form\">\n\n    <div class=\"nf-loading-spinner\"><\/div>\n\n<\/div>\n        <!-- That data is being printed as a workaround to page builders reordering the order of the scripts loaded-->\n        <script>var formDisplay=1;var nfForms=nfForms||[];var form=[];form.id='4';form.settings={\"objectType\":\"Form Setting\",\"editActive\":false,\"title\":\"Demande d&#039;information compl\\u00e9mentaire\",\"show_title\":1,\"allow_public_link\":0,\"embed_form\":\"\",\"clear_complete\":1,\"hide_complete\":1,\"default_label_pos\":\"above\",\"wrapper_class\":\"\",\"element_class\":\"\",\"form_title_heading_level\":\"3\",\"key\":\"\",\"add_submit\":0,\"currency\":\"\",\"unique_field_error\":\"Un formulaire avec cette valeur a d\\u00e9j\\u00e0 \\u00e9t\\u00e9 envoy\\u00e9.\",\"logged_in\":false,\"not_logged_in_msg\":\"\",\"sub_limit_msg\":\"Le formulaire a atteint sa limite d\\u2019entr\\u00e9es.\",\"calculations\":[],\"formContentData\":[\"lastname_1711146522212\",\"email_1711146528596\",\"tel_facultatif_1724159174086\",\"votre_demande_1711146595124\",\"submit_1711146615369\"],\"ninjaForms\":\"Ninja Forms\",\"changeEmailErrorMsg\":\"Please enter a valid email address!\",\"changeDateErrorMsg\":\"Please enter a valid date!\",\"confirmFieldErrorMsg\":\"These fields must match!\",\"fieldNumberNumMinError\":\"Number Min Error\",\"fieldNumberNumMaxError\":\"Number Max Error\",\"fieldNumberIncrementBy\":\"Please increment by \",\"fieldTextareaRTEInsertLink\":\"Insert Link\",\"fieldTextareaRTEInsertMedia\":\"Insert Media\",\"fieldTextareaRTESelectAFile\":\"Select a file\",\"formErrorsCorrectErrors\":\"Please correct errors before submitting this form.\",\"formHoneypot\":\"If you are a human seeing this field, please leave it empty.\",\"validateRequiredField\":\"This is a required field.\",\"honeypotHoneypotError\":\"Honeypot Error\",\"fileUploadOldCodeFileUploadInProgress\":\"File Upload in Progress.\",\"fileUploadOldCodeFileUpload\":\"FILE UPLOAD\",\"currencySymbol\":false,\"fieldsMarkedRequired\":\"Fields marked with an <span class=\\\"ninja-forms-req-symbol\\\">*<\\\/span> are required\",\"thousands_sep\":\",\",\"decimal_point\":\".\",\"siteLocale\":\"en_US\",\"dateFormat\":\"m\\\/d\\\/Y\",\"startOfWeek\":\"1\",\"of\":\"of\",\"previousMonth\":\"Previous Month\",\"nextMonth\":\"Next Month\",\"months\":[\"January\",\"February\",\"March\",\"April\",\"May\",\"June\",\"July\",\"August\",\"September\",\"October\",\"November\",\"December\"],\"monthsShort\":[\"Jan\",\"Feb\",\"Mar\",\"Apr\",\"May\",\"Jun\",\"Jul\",\"Aug\",\"Sep\",\"Oct\",\"Nov\",\"Dec\"],\"weekdays\":[\"Sunday\",\"Monday\",\"Tuesday\",\"Wednesday\",\"Thursday\",\"Friday\",\"Saturday\"],\"weekdaysShort\":[\"Sun\",\"Mon\",\"Tue\",\"Wed\",\"Thu\",\"Fri\",\"Sat\"],\"weekdaysMin\":[\"Su\",\"Mo\",\"Tu\",\"We\",\"Th\",\"Fr\",\"Sa\"],\"recaptchaConsentMissing\":\"reCaptcha validation couldn&#039;t load.\",\"recaptchaMissingCookie\":\"reCaptcha v3 validation couldn&#039;t load the cookie needed to submit the form.\",\"recaptchaConsentEvent\":\"Accept reCaptcha cookies before sending the form.\",\"currency_symbol\":\"\",\"beforeForm\":\"\",\"beforeFields\":\"\",\"afterFields\":\"\",\"afterForm\":\"\"};form.fields=[{\"objectType\":\"Field\",\"objectDomain\":\"fields\",\"editActive\":false,\"order\":1,\"idAttribute\":\"id\",\"type\":\"lastname\",\"label\":\"Nom\",\"key\":\"lastname_1711146522212\",\"label_pos\":\"above\",\"required\":1,\"default\":\"\",\"placeholder\":\"\",\"container_class\":\"\",\"element_class\":\"\",\"admin_label\":\"\",\"help_text\":\"\",\"custom_name_attribute\":\"lname\",\"personally_identifiable\":1,\"value\":\"\",\"drawerDisabled\":false,\"id\":25,\"beforeField\":\"\",\"afterField\":\"\",\"parentType\":\"lastname\",\"element_templates\":[\"lastname\",\"input\"],\"old_classname\":\"\",\"wrap_template\":\"wrap\"},{\"objectType\":\"Field\",\"objectDomain\":\"fields\",\"editActive\":false,\"order\":2,\"idAttribute\":\"id\",\"type\":\"email\",\"label\":\"E-mail\",\"key\":\"email_1711146528596\",\"label_pos\":\"above\",\"required\":1,\"default\":\"\",\"placeholder\":\"\",\"container_class\":\"\",\"element_class\":\"\",\"admin_label\":\"\",\"help_text\":\"\",\"custom_name_attribute\":\"email\",\"personally_identifiable\":1,\"value\":\"\",\"drawerDisabled\":false,\"id\":26,\"beforeField\":\"\",\"afterField\":\"\",\"parentType\":\"email\",\"element_templates\":[\"email\",\"input\"],\"old_classname\":\"\",\"wrap_template\":\"wrap\"},{\"objectType\":\"Field\",\"objectDomain\":\"fields\",\"editActive\":false,\"order\":3,\"idAttribute\":\"id\",\"type\":\"phone\",\"label\":\"T\\u00e9l. (facultatif)\",\"key\":\"tel_facultatif_1724159174086\",\"label_pos\":\"above\",\"required\":false,\"default\":\"\",\"placeholder\":\"\",\"container_class\":\"\",\"element_class\":\"\",\"input_limit\":\"\",\"input_limit_type\":\"characters\",\"input_limit_msg\":\"Caract\\u00e8re(s) restant(s)\",\"manual_key\":false,\"admin_label\":\"\",\"help_text\":\"\",\"mask\":\"\",\"custom_mask\":\"\",\"custom_name_attribute\":\"phone\",\"personally_identifiable\":1,\"value\":\"\",\"drawerDisabled\":false,\"id\":29,\"beforeField\":\"\",\"afterField\":\"\",\"parentType\":\"textbox\",\"element_templates\":[\"tel\",\"textbox\",\"input\"],\"old_classname\":\"\",\"wrap_template\":\"wrap\"},{\"objectType\":\"Field\",\"objectDomain\":\"fields\",\"editActive\":false,\"order\":4,\"idAttribute\":\"id\",\"type\":\"textarea\",\"label\":\"Votre demande\",\"key\":\"votre_demande_1711146595124\",\"label_pos\":\"above\",\"required\":false,\"default\":\"\",\"placeholder\":\"\",\"container_class\":\"\",\"element_class\":\"\",\"input_limit\":\"\",\"input_limit_type\":\"characters\",\"input_limit_msg\":\"Caract\\u00e8re(s) restant(s)\",\"manual_key\":false,\"admin_label\":\"\",\"help_text\":\"\",\"textarea_rte\":\"\",\"disable_rte_mobile\":\"\",\"textarea_media\":\"\",\"value\":\"\",\"drawerDisabled\":false,\"id\":27,\"beforeField\":\"\",\"afterField\":\"\",\"parentType\":\"textarea\",\"element_templates\":[\"textarea\",\"input\"],\"old_classname\":\"\",\"wrap_template\":\"wrap\"},{\"objectType\":\"Field\",\"objectDomain\":\"fields\",\"editActive\":false,\"order\":5,\"idAttribute\":\"id\",\"type\":\"submit\",\"label\":\"Envoyer\",\"processing_label\":\"En cours de traitement\",\"container_class\":\"\",\"element_class\":\"\",\"key\":\"submit_1711146615369\",\"drawerDisabled\":false,\"admin_label\":\"\",\"id\":28,\"beforeField\":\"\",\"afterField\":\"\",\"value\":\"\",\"label_pos\":\"above\",\"parentType\":\"textbox\",\"element_templates\":[\"submit\",\"button\",\"input\"],\"old_classname\":\"\",\"wrap_template\":\"wrap-no-label\"}];nfForms.push(form);<\/script>\n        <\/p>\n\n\n\n<p><\/p>\n","protected":false},"excerpt":{"rendered":"<p>Les sessions de pratique du yoga nidra ont lieu chaque mercredi au Centre Bouddhiste de Dechen Ch\u00f6ling \u00e0 St Yrieix sous Aixe, \u00e0 18 heures. Une autre session a lieu \u00e0 19 heures en cours d&#8217;ann\u00e9e(pr\u00e9venir avant), pas en \u00e9t\u00e9. Le centre \u00e9tant ouvert toute l&#8217;ann\u00e9e, le yoga nidra ne s&#8217;arr\u00eate pas pendant les vacances, [&hellip;]<\/p>\n","protected":false},"author":1,"featured_media":0,"parent":0,"menu_order":0,"comment_status":"closed","ping_status":"closed","template":"","meta":{"saved_in_kubio":true,"footnotes":""},"class_list":["post-53","page","type-page","status-publish","hentry"],"kubio_ai_page_context":{"short_desc":"","purpose":"general"},"yoast_head":"<!-- This site is optimized with the Yoast SEO plugin v25.2 - https:\/\/yoast.com\/wordpress\/plugins\/seo\/ -->\n<title>O\u00f9 Quand Comment - Yoga Nidra Limoges<\/title>\n<meta name=\"robots\" content=\"index, follow, max-snippet:-1, max-image-preview:large, max-video-preview:-1\" \/>\n<link rel=\"canonical\" href=\"https:\/\/yoganidra-limoges.cloud\/index.php\/ou-quand-comment\/\" \/>\n<meta property=\"og:locale\" content=\"en_US\" \/>\n<meta property=\"og:type\" content=\"article\" \/>\n<meta property=\"og:title\" content=\"O\u00f9 Quand Comment - Yoga Nidra Limoges\" \/>\n<meta property=\"og:description\" content=\"Les sessions de pratique du yoga nidra ont lieu chaque mercredi au Centre Bouddhiste de Dechen Ch\u00f6ling \u00e0 St Yrieix sous Aixe, \u00e0 18 heures. Une autre session a lieu \u00e0 19 heures en cours d&#8217;ann\u00e9e(pr\u00e9venir avant), pas en \u00e9t\u00e9. Le centre \u00e9tant ouvert toute l&#8217;ann\u00e9e, le yoga nidra ne s&#8217;arr\u00eate pas pendant les vacances, [&hellip;]\" \/>\n<meta property=\"og:url\" content=\"https:\/\/yoganidra-limoges.cloud\/index.php\/ou-quand-comment\/\" \/>\n<meta property=\"og:site_name\" content=\"Yoga Nidra Limoges\" \/>\n<meta property=\"article:modified_time\" content=\"2025-07-29T15:28:33+00:00\" \/>\n<meta property=\"og:image\" content=\"https:\/\/yoganidra-limoges.cloud\/wp-content\/uploads\/2024\/03\/p1180997-1024x769-1.jpg\" \/>\n\t<meta property=\"og:image:width\" content=\"1024\" \/>\n\t<meta property=\"og:image:height\" content=\"769\" \/>\n\t<meta property=\"og:image:type\" content=\"image\/jpeg\" \/>\n<meta name=\"twitter:card\" content=\"summary_large_image\" \/>\n<meta name=\"twitter:label1\" content=\"Est. reading time\" \/>\n\t<meta name=\"twitter:data1\" content=\"2 minutes\" \/>\n<script type=\"application\/ld+json\" class=\"yoast-schema-graph\">{\"@context\":\"https:\/\/schema.org\",\"@graph\":[{\"@type\":\"WebPage\",\"@id\":\"https:\/\/yoganidra-limoges.cloud\/index.php\/ou-quand-comment\/\",\"url\":\"https:\/\/yoganidra-limoges.cloud\/index.php\/ou-quand-comment\/\",\"name\":\"O\u00f9 Quand Comment - Yoga Nidra Limoges\",\"isPartOf\":{\"@id\":\"https:\/\/yoganidra-limoges.cloud\/#website\"},\"primaryImageOfPage\":{\"@id\":\"https:\/\/yoganidra-limoges.cloud\/index.php\/ou-quand-comment\/#primaryimage\"},\"image\":{\"@id\":\"https:\/\/yoganidra-limoges.cloud\/index.php\/ou-quand-comment\/#primaryimage\"},\"thumbnailUrl\":\"https:\/\/yoganidra-limoges.cloud\/wp-content\/uploads\/2024\/03\/p1180997-1024x769-1.jpg\",\"datePublished\":\"2024-03-22T13:36:20+00:00\",\"dateModified\":\"2025-07-29T15:28:33+00:00\",\"breadcrumb\":{\"@id\":\"https:\/\/yoganidra-limoges.cloud\/index.php\/ou-quand-comment\/#breadcrumb\"},\"inLanguage\":\"en-US\",\"potentialAction\":[{\"@type\":\"ReadAction\",\"target\":[\"https:\/\/yoganidra-limoges.cloud\/index.php\/ou-quand-comment\/\"]}]},{\"@type\":\"ImageObject\",\"inLanguage\":\"en-US\",\"@id\":\"https:\/\/yoganidra-limoges.cloud\/index.php\/ou-quand-comment\/#primaryimage\",\"url\":\"https:\/\/yoganidra-limoges.cloud\/wp-content\/uploads\/2024\/03\/p1180997-1024x769-1.jpg\",\"contentUrl\":\"https:\/\/yoganidra-limoges.cloud\/wp-content\/uploads\/2024\/03\/p1180997-1024x769-1.jpg\",\"width\":1024,\"height\":769},{\"@type\":\"BreadcrumbList\",\"@id\":\"https:\/\/yoganidra-limoges.cloud\/index.php\/ou-quand-comment\/#breadcrumb\",\"itemListElement\":[{\"@type\":\"ListItem\",\"position\":1,\"name\":\"Accueil\",\"item\":\"https:\/\/yoganidra-limoges.cloud\/\"},{\"@type\":\"ListItem\",\"position\":2,\"name\":\"O\u00f9 Quand Comment\"}]},{\"@type\":\"WebSite\",\"@id\":\"https:\/\/yoganidra-limoges.cloud\/#website\",\"url\":\"https:\/\/yoganidra-limoges.cloud\/\",\"name\":\"Yoga Nidra Limoges\",\"description\":\"\",\"publisher\":{\"@id\":\"https:\/\/yoganidra-limoges.cloud\/#\/schema\/person\/69af660726e27dd40105149bb625433d\"},\"potentialAction\":[{\"@type\":\"SearchAction\",\"target\":{\"@type\":\"EntryPoint\",\"urlTemplate\":\"https:\/\/yoganidra-limoges.cloud\/?s={search_term_string}\"},\"query-input\":{\"@type\":\"PropertyValueSpecification\",\"valueRequired\":true,\"valueName\":\"search_term_string\"}}],\"inLanguage\":\"en-US\"},{\"@type\":[\"Person\",\"Organization\"],\"@id\":\"https:\/\/yoganidra-limoges.cloud\/#\/schema\/person\/69af660726e27dd40105149bb625433d\",\"name\":\"pympam\",\"image\":{\"@type\":\"ImageObject\",\"inLanguage\":\"en-US\",\"@id\":\"https:\/\/yoganidra-limoges.cloud\/#\/schema\/person\/image\/\",\"url\":\"https:\/\/yoganidra-limoges.cloud\/wp-content\/uploads\/2024\/03\/OIG1.jpg\",\"contentUrl\":\"https:\/\/yoganidra-limoges.cloud\/wp-content\/uploads\/2024\/03\/OIG1.jpg\",\"width\":1024,\"height\":1024,\"caption\":\"pympam\"},\"logo\":{\"@id\":\"https:\/\/yoganidra-limoges.cloud\/#\/schema\/person\/image\/\"},\"sameAs\":[\"https:\/\/yoganidra-limoges.cloud\"]}]}<\/script>\n<!-- \/ Yoast SEO plugin. -->","yoast_head_json":{"title":"O\u00f9 Quand Comment - Yoga Nidra Limoges","robots":{"index":"index","follow":"follow","max-snippet":"max-snippet:-1","max-image-preview":"max-image-preview:large","max-video-preview":"max-video-preview:-1"},"canonical":"https:\/\/yoganidra-limoges.cloud\/index.php\/ou-quand-comment\/","og_locale":"en_US","og_type":"article","og_title":"O\u00f9 Quand Comment - Yoga Nidra Limoges","og_description":"Les sessions de pratique du yoga nidra ont lieu chaque mercredi au Centre Bouddhiste de Dechen Ch\u00f6ling \u00e0 St Yrieix sous Aixe, \u00e0 18 heures. Une autre session a lieu \u00e0 19 heures en cours d&#8217;ann\u00e9e(pr\u00e9venir avant), pas en \u00e9t\u00e9. Le centre \u00e9tant ouvert toute l&#8217;ann\u00e9e, le yoga nidra ne s&#8217;arr\u00eate pas pendant les vacances, [&hellip;]","og_url":"https:\/\/yoganidra-limoges.cloud\/index.php\/ou-quand-comment\/","og_site_name":"Yoga Nidra Limoges","article_modified_time":"2025-07-29T15:28:33+00:00","og_image":[{"width":1024,"height":769,"url":"https:\/\/yoganidra-limoges.cloud\/wp-content\/uploads\/2024\/03\/p1180997-1024x769-1.jpg","type":"image\/jpeg"}],"twitter_card":"summary_large_image","twitter_misc":{"Est. reading time":"2 minutes"},"schema":{"@context":"https:\/\/schema.org","@graph":[{"@type":"WebPage","@id":"https:\/\/yoganidra-limoges.cloud\/index.php\/ou-quand-comment\/","url":"https:\/\/yoganidra-limoges.cloud\/index.php\/ou-quand-comment\/","name":"O\u00f9 Quand Comment - Yoga Nidra Limoges","isPartOf":{"@id":"https:\/\/yoganidra-limoges.cloud\/#website"},"primaryImageOfPage":{"@id":"https:\/\/yoganidra-limoges.cloud\/index.php\/ou-quand-comment\/#primaryimage"},"image":{"@id":"https:\/\/yoganidra-limoges.cloud\/index.php\/ou-quand-comment\/#primaryimage"},"thumbnailUrl":"https:\/\/yoganidra-limoges.cloud\/wp-content\/uploads\/2024\/03\/p1180997-1024x769-1.jpg","datePublished":"2024-03-22T13:36:20+00:00","dateModified":"2025-07-29T15:28:33+00:00","breadcrumb":{"@id":"https:\/\/yoganidra-limoges.cloud\/index.php\/ou-quand-comment\/#breadcrumb"},"inLanguage":"en-US","potentialAction":[{"@type":"ReadAction","target":["https:\/\/yoganidra-limoges.cloud\/index.php\/ou-quand-comment\/"]}]},{"@type":"ImageObject","inLanguage":"en-US","@id":"https:\/\/yoganidra-limoges.cloud\/index.php\/ou-quand-comment\/#primaryimage","url":"https:\/\/yoganidra-limoges.cloud\/wp-content\/uploads\/2024\/03\/p1180997-1024x769-1.jpg","contentUrl":"https:\/\/yoganidra-limoges.cloud\/wp-content\/uploads\/2024\/03\/p1180997-1024x769-1.jpg","width":1024,"height":769},{"@type":"BreadcrumbList","@id":"https:\/\/yoganidra-limoges.cloud\/index.php\/ou-quand-comment\/#breadcrumb","itemListElement":[{"@type":"ListItem","position":1,"name":"Accueil","item":"https:\/\/yoganidra-limoges.cloud\/"},{"@type":"ListItem","position":2,"name":"O\u00f9 Quand Comment"}]},{"@type":"WebSite","@id":"https:\/\/yoganidra-limoges.cloud\/#website","url":"https:\/\/yoganidra-limoges.cloud\/","name":"Yoga Nidra Limoges","description":"","publisher":{"@id":"https:\/\/yoganidra-limoges.cloud\/#\/schema\/person\/69af660726e27dd40105149bb625433d"},"potentialAction":[{"@type":"SearchAction","target":{"@type":"EntryPoint","urlTemplate":"https:\/\/yoganidra-limoges.cloud\/?s={search_term_string}"},"query-input":{"@type":"PropertyValueSpecification","valueRequired":true,"valueName":"search_term_string"}}],"inLanguage":"en-US"},{"@type":["Person","Organization"],"@id":"https:\/\/yoganidra-limoges.cloud\/#\/schema\/person\/69af660726e27dd40105149bb625433d","name":"pympam","image":{"@type":"ImageObject","inLanguage":"en-US","@id":"https:\/\/yoganidra-limoges.cloud\/#\/schema\/person\/image\/","url":"https:\/\/yoganidra-limoges.cloud\/wp-content\/uploads\/2024\/03\/OIG1.jpg","contentUrl":"https:\/\/yoganidra-limoges.cloud\/wp-content\/uploads\/2024\/03\/OIG1.jpg","width":1024,"height":1024,"caption":"pympam"},"logo":{"@id":"https:\/\/yoganidra-limoges.cloud\/#\/schema\/person\/image\/"},"sameAs":["https:\/\/yoganidra-limoges.cloud"]}]}},"jetpack_sharing_enabled":true,"_links":{"self":[{"href":"https:\/\/yoganidra-limoges.cloud\/index.php\/wp-json\/wp\/v2\/pages\/53","targetHints":{"allow":["GET"]}}],"collection":[{"href":"https:\/\/yoganidra-limoges.cloud\/index.php\/wp-json\/wp\/v2\/pages"}],"about":[{"href":"https:\/\/yoganidra-limoges.cloud\/index.php\/wp-json\/wp\/v2\/types\/page"}],"author":[{"embeddable":true,"href":"https:\/\/yoganidra-limoges.cloud\/index.php\/wp-json\/wp\/v2\/users\/1"}],"replies":[{"embeddable":true,"href":"https:\/\/yoganidra-limoges.cloud\/index.php\/wp-json\/wp\/v2\/comments?post=53"}],"version-history":[{"count":26,"href":"https:\/\/yoganidra-limoges.cloud\/index.php\/wp-json\/wp\/v2\/pages\/53\/revisions"}],"predecessor-version":[{"id":202,"href":"https:\/\/yoganidra-limoges.cloud\/index.php\/wp-json\/wp\/v2\/pages\/53\/revisions\/202"}],"wp:attachment":[{"href":"https:\/\/yoganidra-limoges.cloud\/index.php\/wp-json\/wp\/v2\/media?parent=53"}],"curies":[{"name":"wp","href":"https:\/\/api.w.org\/{rel}","templated":true}]}}